{"id":198,"date":"2018-06-20T17:24:53","date_gmt":"2018-06-20T15:24:53","guid":{"rendered":"https:\/\/www.paultex.it\/?page_id=198"},"modified":"2019-11-08T17:08:29","modified_gmt":"2019-11-08T16:08:29","slug":"il-tessuto","status":"publish","type":"page","link":"https:\/\/www.paultex.it\/es\/il-tessuto\/","title":{"rendered":"El tejido"},"content":{"rendered":"<p>La colecci\u00f3n de Paultex est\u00e1 formada por tejidos atemporales, elementos cl\u00e1sicos y tradicionales, tejidos lisos o estampados con un aspecto cl\u00e1sico con toques modernos y actuales.<\/p>\n<p>El aspecto ecol\u00f3gico es de gran importancia: Paultex fabrica tejidos con fibras naturales y \/ o a partir de productos reciclados, minimizando el uso de productos qu\u00edmicos y evitando el desperdicio de energ\u00eda. El objetivo es ofrecer un producto que no solo sea ecol\u00f3gicamente sostenible y respetuoso con el medio ambiente, sino que tambi\u00e9n sea atractivo en el uso diario.<\/p>\n<p>Gracias a la excelencia en los procesos de producci\u00f3n certificados por SGS a trav\u00e9s de numerosas inspecciones se consiguen los par\u00e1metros exigidos por la Comunidad Europea, Paultex ha visto reconocido su compromiso con la protecci\u00f3n medio ambiental por la C\u00e1mara de Comercio de Prato que otorg\u00f3 la marca CARDATO RECYCLED a varias l\u00edneas de sus productos. Paultex es la primera empresa en el distrito de Prato que ha obtenido la certificaci\u00f3n en todas las fases de fabricaci\u00f3n: hilado, tejido y acabado.<\/p>\n<p><div id=\"metaslider-id-277\" style=\"max-width: 500px; margin: 0 auto;\" class=\"ml-slider-3-80-0 metaslider metaslider-flex metaslider-277 ml-slider ms-theme-default nav-hidden nav-hidden nav-hidden\" role=\"region\" aria-roledescription=\"Slideshow\" aria-label=\"Tessuto\">\n    <div id=\"metaslider_container_277\">\n        <div id=\"metaslider_277\">\n            <ul class='slides'>\n                <li style=\"display: block; width: 100%;\" class=\"slide-281 ms-image \" aria-roledescription=\"slide\" aria-label=\"slide-281\"><img loading=\"lazy\" decoding=\"async\" src=\"https:\/\/www.paultex.it\/wp-content\/uploads\/2018\/06\/tessuti1-500x300.jpg\" height=\"300\" width=\"500\" alt=\"\" class=\"slider-277 slide-281\" title=\"tessuti1\" \/><\/li>\n                <li style=\"display: none; width: 100%;\" class=\"slide-283 ms-image \" aria-roledescription=\"slide\" aria-label=\"slide-283\"><img loading=\"lazy\" decoding=\"async\" src=\"https:\/\/www.paultex.it\/wp-content\/uploads\/2018\/06\/Tessuti-5-500x300.jpg\" height=\"300\" width=\"500\" alt=\"\" class=\"slider-277 slide-283\" title=\"Tessuti 5\" \/><\/li>\n                <li style=\"display: none; width: 100%;\" class=\"slide-279 ms-image \" aria-roledescription=\"slide\" aria-label=\"slide-279\"><img loading=\"lazy\" decoding=\"async\" src=\"https:\/\/www.paultex.it\/wp-content\/uploads\/2018\/06\/tessuti-3a-500x300.jpg\" height=\"300\" width=\"500\" alt=\"\" class=\"slider-277 slide-279\" title=\"tessuti 3a\" \/><\/li>\n            <\/ul>\n        <\/div>\n        \n    <\/div>\n<\/div><\/p>","protected":false},"excerpt":{"rendered":"<p>La colecci\u00f3n de Paultex est\u00e1 formada por tejidos atemporales, elementos cl\u00e1sicos y tradicionales, tejidos lisos o estampados con un aspecto cl\u00e1sico con toques modernos y actuales. El aspecto ecol\u00f3gico es de gran importancia: Paultex fabrica tejidos con fibras naturales y \/ o a partir de productos reciclados, minimizando el uso de productos qu\u00edmicos y evitando el desperdicio de energ\u00eda. El objetivo es ofrecer un producto que no solo sea ecol\u00f3gicamente sostenible y respetuoso con el [&hellip;]<\/p>\n","protected":false},"author":2,"featured_media":0,"parent":0,"menu_order":0,"comment_status":"closed","ping_status":"closed","template":"","meta":{"footnotes":""},"_links":{"self":[{"href":"https:\/\/www.paultex.it\/es\/wp-json\/wp\/v2\/pages\/198"}],"collection":[{"href":"https:\/\/www.paultex.it\/es\/wp-json\/wp\/v2\/pages"}],"about":[{"href":"https:\/\/www.paultex.it\/es\/wp-json\/wp\/v2\/types\/page"}],"author":[{"embeddable":true,"href":"https:\/\/www.paultex.it\/es\/wp-json\/wp\/v2\/users\/2"}],"replies":[{"embeddable":true,"href":"https:\/\/www.paultex.it\/es\/wp-json\/wp\/v2\/comments?post=198"}],"version-history":[{"count":11,"href":"https:\/\/www.paultex.it\/es\/wp-json\/wp\/v2\/pages\/198\/revisions"}],"predecessor-version":[{"id":406,"href":"https:\/\/www.paultex.it\/es\/wp-json\/wp\/v2\/pages\/198\/revisions\/406"}],"wp:attachment":[{"href":"https:\/\/www.paultex.it\/es\/wp-json\/wp\/v2\/media?parent=198"}],"curies":[{"name":"wp","href":"https:\/\/api.w.org\/{rel}","templated":true}]}}